{"id":39,"date":"2019-12-08T19:11:48","date_gmt":"2019-12-08T18:11:48","guid":{"rendered":"http:\/\/cnfps.fr\/?page_id=39"},"modified":"2026-02-24T19:42:28","modified_gmt":"2026-02-24T18:42:28","slug":"composition-du-bureau","status":"publish","type":"page","link":"https:\/\/cnfps.fr\/?page_id=39","title":{"rendered":"Composition du Bureau"},"content":{"rendered":"\n<p><strong>Bureau&nbsp;du CNFPS<\/strong><\/p>\n\n\n\n<ul class=\"wp-block-list\">\n<li>Membres \u00e9lus\n<ul class=\"wp-block-list\">\n<li><a href=\"https:\/\/www.univ-reims.fr\/c2s\/membres-cv\/christine-roland-levy,13985,24496.html\" data-type=\"link\" data-id=\"https:\/\/www.univ-reims.fr\/c2s\/membres-cv\/christine-roland-levy,13985,24496.html\">Christine Roland-L\u00e9vy<\/a>, Pr\u00e9sidente (Reims)<\/li>\n\n\n\n<li><a href=\"https:\/\/pagespro.univ-gustave-eiffel.fr\/valerie-gyselinck\" data-type=\"link\" data-id=\"https:\/\/pagespro.univ-gustave-eiffel.fr\/valerie-gyselinck\">Val\u00e9rie Gyselinck<\/a>, Secr\u00e9taire g\u00e9n\u00e9rale (Paris)&nbsp;<\/li>\n\n\n\n<li><a href=\"https:\/\/centreborelli.ens-paris-saclay.fr\/fr\/annuaire-des-personnes\/lise-haddouk\" data-type=\"link\" data-id=\"https:\/\/centreborelli.ens-paris-saclay.fr\/fr\/annuaire-des-personnes\/lise-haddouk\">Lise Haddouk<\/a>, Tr\u00e9sori\u00e8re (Rouen- Paris)<\/li>\n\n\n\n<li><a href=\"https:\/\/thomashinault.wordpress.com\" data-type=\"link\" data-id=\"https:\/\/thomashinault.wordpress.com\">Thomas Hinault<\/a>, Membre du Bureau (Caen)<\/li>\n\n\n\n<li><a href=\"https:\/\/arnaudrey.jimdofree.com\" data-type=\"link\" data-id=\"https:\/\/arnaudrey.jimdofree.com\">Arnaud Rey<\/a>, Membre du Bureau (Marseille)<\/li>\n<\/ul>\n<\/li>\n<\/ul>\n\n\n\n<ul class=\"wp-block-list\">\n<li>Repr\u00e9sentants des organisations fran\u00e7aises\n<ul class=\"wp-block-list\">\n<li><a href=\"https:\/\/www.univ-tours.fr\/annuaire\/m-rene-clarisse\" data-type=\"link\" data-id=\"https:\/\/www.univ-tours.fr\/annuaire\/m-rene-clarisse\">Ren\u00e9 Clarisse<\/a> repr\u00e9sentant la SFP\u00a0 (Tours)<\/li>\n\n\n\n<li><a href=\"https:\/\/centrepsycle-amu.fr\/membres\/marianne-jover\/\" data-type=\"link\" data-id=\"https:\/\/centrepsycle-amu.fr\/membres\/marianne-jover\/\">Marianne Jover<\/a>, repr\u00e9sentant la FFPP&nbsp; (Aix-Marseille)<\/li>\n\n\n\n<li><a href=\"https:\/\/lps.u-paris.fr\/annuaire\/marie-pierre-fayant\/\" data-type=\"link\" data-id=\"https:\/\/lps.u-paris.fr\/annuaire\/marie-pierre-fayant\/\">Marie-Pierre Fayant<\/a>, repr\u00e9sentant l\u2019ADRIPS (Paris)<\/li>\n<\/ul>\n<\/li>\n<\/ul>\n\n\n\n<ul class=\"wp-block-list\">\n<li>Participent au bureau sur invitation :\n<ul class=\"wp-block-list\">\n<li>Pr\u00e9sident honoraire du CNFPS : <a href=\"https:\/\/pro.univ-lille.fr\/yann-coello\" data-type=\"link\" data-id=\"https:\/\/pro.univ-lille.fr\/yann-coello\">Yann Coello<\/a> (Lille)<\/li>\n\n\n\n<li>Observateur de l\u2019Acad\u00e9mie des Sciences Morales et Politiques : <a href=\"https:\/\/www.lapsyde.com\/membres\/olivier-houde\" data-type=\"link\" data-id=\"https:\/\/www.lapsyde.com\/membres\/olivier-houde\">Olivier Houd\u00e9<\/a> (Paris)<\/li>\n\n\n\n<li>Repr\u00e9sentant du CNFPS \u00e0 l&rsquo;IUPsyS: <a href=\"https:\/\/www.lapsyde.com\/membres\/gregoire-borst\" data-type=\"link\" data-id=\"https:\/\/www.lapsyde.com\/membres\/gregoire-borst\">Gr\u00e9goire Borst<\/a> (Paris)<\/li>\n<\/ul>\n<\/li>\n<\/ul>\n\n\n\n<p><\/p>\n\n\n\n<p><\/p>\n","protected":false},"excerpt":{"rendered":"<p>Bureau&nbsp;du CNFPS<\/p>\n","protected":false},"author":1,"featured_media":0,"parent":0,"menu_order":0,"comment_status":"closed","ping_status":"closed","template":"","meta":{"footnotes":""},"class_list":["post-39","page","type-page","status-publish","hentry","entry"],"_links":{"self":[{"href":"https:\/\/cnfps.fr\/index.php?rest_route=\/wp\/v2\/pages\/39","targetHints":{"allow":["GET"]}}],"collection":[{"href":"https:\/\/cnfps.fr\/index.php?rest_route=\/wp\/v2\/pages"}],"about":[{"href":"https:\/\/cnfps.fr\/index.php?rest_route=\/wp\/v2\/types\/page"}],"author":[{"embeddable":true,"href":"https:\/\/cnfps.fr\/index.php?rest_route=\/wp\/v2\/users\/1"}],"replies":[{"embeddable":true,"href":"https:\/\/cnfps.fr\/index.php?rest_route=%2Fwp%2Fv2%2Fcomments&post=39"}],"version-history":[{"count":24,"href":"https:\/\/cnfps.fr\/index.php?rest_route=\/wp\/v2\/pages\/39\/revisions"}],"predecessor-version":[{"id":529,"href":"https:\/\/cnfps.fr\/index.php?rest_route=\/wp\/v2\/pages\/39\/revisions\/529"}],"wp:attachment":[{"href":"https:\/\/cnfps.fr\/index.php?rest_route=%2Fwp%2Fv2%2Fmedia&parent=39"}],"curies":[{"name":"wp","href":"https:\/\/api.w.org\/{rel}","templated":true}]}}